{"id":396,"date":"2023-02-02T10:05:59","date_gmt":"2023-02-02T09:05:59","guid":{"rendered":"https:\/\/sinus.usz.edu.pl\/index.php\/about-8\/"},"modified":"2024-10-24T13:45:53","modified_gmt":"2024-10-24T11:45:53","slug":"naukamowi","status":"publish","type":"page","link":"https:\/\/sinus.usz.edu.pl\/index.php\/naukamowi\/","title":{"rendered":"Nauka M\u00f3wi"},"content":{"rendered":"\t\t<div data-elementor-type=\"wp-page\" data-elementor-id=\"396\" class=\"elementor elementor-396\">\n\t\t\t\t\t\t\t\t\t<section class=\"elementor-section elementor-top-section elementor-element elementor-element-c512755 elementor-section-boxed elementor-section-height-default elementor-section-height-default\" data-id=\"c512755\" data-element_type=\"section\">\n\t\t\t\t\t\t\t<div class=\"elementor-background-overlay\"><\/div>\n\t\t\t\t\t\t\t<div class=\"elementor-container elementor-column-gap-wide\">\n\t\t\t\t\t<div class=\"elementor-column elementor-col-100 elementor-top-column elementor-element elementor-element-ac6c1b9\" data-id=\"ac6c1b9\" data-element_type=\"column\">\n\t\t\t<div class=\"elementor-widget-wrap elementor-element-populated\">\n\t\t\t\t\t\t\t\t<section class=\"elementor-section elementor-inner-section elementor-element elementor-element-4874033 elementor-section-boxed elementor-section-height-default elementor-section-height-default\" data-id=\"4874033\" data-element_type=\"section\">\n\t\t\t\t\t\t<div class=\"elementor-container elementor-column-gap-default\">\n\t\t\t\t\t<div class=\"elementor-column elementor-col-100 elementor-inner-column elementor-element elementor-element-7bb242d\" data-id=\"7bb242d\" data-element_type=\"column\">\n\t\t\t<div class=\"elementor-widget-wrap elementor-element-populated\">\n\t\t\t\t\t\t\t\t<div class=\"elementor-element elementor-element-a6b9c29 elementor-widget elementor-widget-image\" data-id=\"a6b9c29\" data-element_type=\"widget\" data-widget_type=\"image.default\">\n\t\t\t\t<div class=\"elementor-widget-container\">\n\t\t\t<style>\/*! elementor - v3.10.1 - 17-01-2023 *\/\n.elementor-widget-image{text-align:center}.elementor-widget-image a{display:inline-block}.elementor-widget-image a img[src$=\".svg\"]{width:48px}.elementor-widget-image img{vertical-align:middle;display:inline-block}<\/style>\t\t\t\t\t\t\t\t\t\t\t\t<img loading=\"lazy\" decoding=\"async\" width=\"300\" height=\"212\" src=\"https:\/\/sinus.usz.edu.pl\/wp-content\/uploads\/2023\/02\/Nauka-mowi-BIALE-300x212.png\" class=\"attachment-medium size-medium wp-image-532\" alt=\"\" srcset=\"https:\/\/sinus.usz.edu.pl\/wp-content\/uploads\/2023\/02\/Nauka-mowi-BIALE-300x212.png 300w, https:\/\/sinus.usz.edu.pl\/wp-content\/uploads\/2023\/02\/Nauka-mowi-BIALE-1024x724.png 1024w, https:\/\/sinus.usz.edu.pl\/wp-content\/uploads\/2023\/02\/Nauka-mowi-BIALE-768x543.png 768w, https:\/\/sinus.usz.edu.pl\/wp-content\/uploads\/2023\/02\/Nauka-mowi-BIALE-1536x1086.png 1536w, https:\/\/sinus.usz.edu.pl\/wp-content\/uploads\/2023\/02\/Nauka-mowi-BIALE.png 2000w\" sizes=\"auto, (max-width: 300px) 100vw, 300px\" \/>\t\t\t\t\t\t\t\t\t\t\t\t\t\t\t<\/div>\n\t\t\t\t<\/div>\n\t\t\t\t\t<\/div>\n\t\t<\/div>\n\t\t\t\t\t\t\t<\/div>\n\t\t<\/section>\n\t\t\t\t\t<\/div>\n\t\t<\/div>\n\t\t\t\t\t\t\t<\/div>\n\t\t<\/section>\n\t\t\t\t<section class=\"elementor-section elementor-top-section elementor-element elementor-element-9012841 elementor-section-boxed elementor-section-height-default elementor-section-height-default\" data-id=\"9012841\" data-element_type=\"section\">\n\t\t\t\t\t\t<div class=\"elementor-container elementor-column-gap-default\">\n\t\t\t\t\t<div class=\"elementor-column elementor-col-100 elementor-top-column elementor-element elementor-element-cf9e192\" data-id=\"cf9e192\" data-element_type=\"column\">\n\t\t\t<div class=\"elementor-widget-wrap elementor-element-populated\">\n\t\t\t\t\t\t\t\t<div class=\"elementor-element elementor-element-6971eb6 elementor-widget elementor-widget-text-editor\" data-id=\"6971eb6\" data-element_type=\"widget\" data-widget_type=\"text-editor.default\">\n\t\t\t\t<div class=\"elementor-widget-container\">\n\t\t\t<style>\/*! elementor - v3.10.1 - 17-01-2023 *\/\n.elementor-widget-text-editor.elementor-drop-cap-view-stacked .elementor-drop-cap{background-color:#818a91;color:#fff}.elementor-widget-text-editor.elementor-drop-cap-view-framed .elementor-drop-cap{color:#818a91;border:3px solid;background-color:transparent}.elementor-widget-text-editor:not(.elementor-drop-cap-view-default) .elementor-drop-cap{margin-top:8px}.elementor-widget-text-editor:not(.elementor-drop-cap-view-default) .elementor-drop-cap-letter{width:1em;height:1em}.elementor-widget-text-editor .elementor-drop-cap{float:left;text-align:center;line-height:1;font-size:50px}.elementor-widget-text-editor .elementor-drop-cap-letter{display:inline-block}<\/style>\t\t\t\t<p align=\"center\"><span style=\"font-weight: 400;\">Naukowy potencja\u0142 Uniwersytetu Szczeci\u0144skiego stanowi oko\u0142o tysi\u0105ca pracownik\u00f3w naukowych oraz ponad dwustu doktorant\u00f3w. Ich zaanga\u017cowanie w realizacj\u0119 projekt\u00f3w badawczych, zar\u00f3wno krajowych jak i mi\u0119dzynarodowych oraz aktywno\u015b\u0107 publikacyjna spotyka si\u0119 z ogromnym uznaniem. <\/span>\n\n<span style=\"font-weight: 400;\">Przedstawiamy Pa\u0144stwu cykl Nauka M\u00f3wi, prezentuj\u0105cy projekty, badania naukowe oraz prace rozwojowe realizowane w Uniwersytecie Szczeci\u0144skim!<\/span>\t\t\t\t\t\t<\/div>\n\t\t\t\t<\/div>\n\t\t\t\t\t<\/div>\n\t\t<\/div>\n\t\t\t\t\t\t\t<\/div>\n\t\t<\/section>\n\t\t\t\t<section class=\"elementor-section elementor-top-section elementor-element elementor-element-01cf32d elementor-section-boxed elementor-section-height-default elementor-section-height-default\" data-id=\"01cf32d\" data-element_type=\"section\">\n\t\t\t\t\t\t\t<div class=\"elementor-background-overlay\"><\/div>\n\t\t\t\t\t\t\t<div class=\"elementor-container elementor-column-gap-wide\">\n\t\t\t\t\t<div class=\"elementor-column elementor-col-100 elementor-top-column elementor-element elementor-element-6e8c264\" data-id=\"6e8c264\" data-element_type=\"column\">\n\t\t\t<div class=\"elementor-widget-wrap elementor-element-populated\">\n\t\t\t\t\t\t\t\t<section class=\"elementor-section elementor-inner-section elementor-element elementor-element-193bc0e elementor-section-boxed elementor-section-height-default elementor-section-height-default\" data-id=\"193bc0e\" data-element_type=\"section\">\n\t\t\t\t\t\t<div class=\"elementor-container elementor-column-gap-default\">\n\t\t\t\t\t<div class=\"elementor-column elementor-col-33 elementor-inner-column elementor-element elementor-element-56ff124\" data-id=\"56ff124\" data-element_type=\"column\">\n\t\t\t<div class=\"elementor-widget-wrap elementor-element-populated\">\n\t\t\t\t\t\t\t\t<div class=\"elementor-element elementor-element-8b93ad8 elementor-widget elementor-widget-image\" data-id=\"8b93ad8\" data-element_type=\"widget\" data-widget_type=\"image.default\">\n\t\t\t\t<div class=\"elementor-widget-container\">\n\t\t\t\t\t\t\t\t\t\t\t\t\t\t\t\t<a href=\"https:\/\/usz.edu.pl\">\n\t\t\t\t\t\t\t<img loading=\"lazy\" decoding=\"async\" width=\"150\" height=\"150\" src=\"https:\/\/sinus.usz.edu.pl\/wp-content\/uploads\/2023\/02\/logo-US_02-150x150.png\" class=\"elementor-animation-shrink attachment-thumbnail size-thumbnail wp-image-453\" alt=\"\" srcset=\"https:\/\/sinus.usz.edu.pl\/wp-content\/uploads\/2023\/02\/logo-US_02-150x150.png 150w, https:\/\/sinus.usz.edu.pl\/wp-content\/uploads\/2023\/02\/logo-US_02-300x300.png 300w, https:\/\/sinus.usz.edu.pl\/wp-content\/uploads\/2023\/02\/logo-US_02-768x768.png 768w, https:\/\/sinus.usz.edu.pl\/wp-content\/uploads\/2023\/02\/logo-US_02.png 1005w\" sizes=\"auto, (max-width: 150px) 100vw, 150px\" \/>\t\t\t\t\t\t\t\t<\/a>\n\t\t\t\t\t\t\t\t\t\t\t\t\t\t\t<\/div>\n\t\t\t\t<\/div>\n\t\t\t\t\t<\/div>\n\t\t<\/div>\n\t\t\t\t<div class=\"elementor-column elementor-col-33 elementor-inner-column elementor-element elementor-element-8ae964a\" data-id=\"8ae964a\" data-element_type=\"column\">\n\t\t\t<div class=\"elementor-widget-wrap elementor-element-populated\">\n\t\t\t\t\t\t\t\t<div class=\"elementor-element elementor-element-0885e61 elementor-widget elementor-widget-image\" data-id=\"0885e61\" data-element_type=\"widget\" data-widget_type=\"image.default\">\n\t\t\t\t<div class=\"elementor-widget-container\">\n\t\t\t\t\t\t\t\t\t\t\t\t\t\t\t\t<a href=\"https:\/\/www.gov.pl\/web\/nauka\">\n\t\t\t\t\t\t\t<img loading=\"lazy\" decoding=\"async\" width=\"300\" height=\"93\" src=\"https:\/\/sinus.usz.edu.pl\/wp-content\/uploads\/2024\/02\/01_znak_siatka_podstawowy_kolor_biale_tlo-300x93.png\" class=\"elementor-animation-shrink attachment-medium size-medium wp-image-627\" alt=\"\" srcset=\"https:\/\/sinus.usz.edu.pl\/wp-content\/uploads\/2024\/02\/01_znak_siatka_podstawowy_kolor_biale_tlo-300x93.png 300w, https:\/\/sinus.usz.edu.pl\/wp-content\/uploads\/2024\/02\/01_znak_siatka_podstawowy_kolor_biale_tlo-1024x319.png 1024w, https:\/\/sinus.usz.edu.pl\/wp-content\/uploads\/2024\/02\/01_znak_siatka_podstawowy_kolor_biale_tlo-768x239.png 768w, https:\/\/sinus.usz.edu.pl\/wp-content\/uploads\/2024\/02\/01_znak_siatka_podstawowy_kolor_biale_tlo.png 1388w\" sizes=\"auto, (max-width: 300px) 100vw, 300px\" \/>\t\t\t\t\t\t\t\t<\/a>\n\t\t\t\t\t\t\t\t\t\t\t\t\t\t\t<\/div>\n\t\t\t\t<\/div>\n\t\t\t\t\t<\/div>\n\t\t<\/div>\n\t\t\t\t<div class=\"elementor-column elementor-col-33 elementor-inner-column elementor-element elementor-element-1ca6473\" data-id=\"1ca6473\" data-element_type=\"column\">\n\t\t\t<div class=\"elementor-widget-wrap elementor-element-populated\">\n\t\t\t\t\t\t\t\t<div class=\"elementor-element elementor-element-6608c6e elementor-widget elementor-widget-image\" data-id=\"6608c6e\" data-element_type=\"widget\" data-widget_type=\"image.default\">\n\t\t\t\t<div class=\"elementor-widget-container\">\n\t\t\t\t\t\t\t\t\t\t\t\t\t\t\t\t<a href=\"https:\/\/www.gov.pl\/web\/edukacja-i-nauka\/spoleczna-odpowiedzialnosc-nauki\">\n\t\t\t\t\t\t\t<img loading=\"lazy\" decoding=\"async\" width=\"300\" height=\"169\" src=\"https:\/\/sinus.usz.edu.pl\/wp-content\/uploads\/2023\/02\/mein_son_logo_on_white-300x169.png\" class=\"elementor-animation-shrink attachment-medium size-medium wp-image-454\" alt=\"\" srcset=\"https:\/\/sinus.usz.edu.pl\/wp-content\/uploads\/2023\/02\/mein_son_logo_on_white-300x169.png 300w, https:\/\/sinus.usz.edu.pl\/wp-content\/uploads\/2023\/02\/mein_son_logo_on_white-1024x576.png 1024w, https:\/\/sinus.usz.edu.pl\/wp-content\/uploads\/2023\/02\/mein_son_logo_on_white-768x432.png 768w, https:\/\/sinus.usz.edu.pl\/wp-content\/uploads\/2023\/02\/mein_son_logo_on_white-1536x864.png 1536w, https:\/\/sinus.usz.edu.pl\/wp-content\/uploads\/2023\/02\/mein_son_logo_on_white.png 1920w\" sizes=\"auto, (max-width: 300px) 100vw, 300px\" \/>\t\t\t\t\t\t\t\t<\/a>\n\t\t\t\t\t\t\t\t\t\t\t\t\t\t\t<\/div>\n\t\t\t\t<\/div>\n\t\t\t\t\t<\/div>\n\t\t<\/div>\n\t\t\t\t\t\t\t<\/div>\n\t\t<\/section>\n\t\t\t\t<div class=\"elementor-element elementor-element-461b672 elementor-aspect-ratio-169 elementor-widget elementor-widget-video\" data-id=\"461b672\" data-element_type=\"widget\" data-settings=\"{&quot;youtube_url&quot;:&quot;https:\\\/\\\/www.youtube.com\\\/watch?v=jc2pYfw4-dA&amp;list=PLMUSjrFjAfqtWFS6UgZy90ofwWXQFExdm&amp;index=15&amp;pp=iAQB&quot;,&quot;video_type&quot;:&quot;youtube&quot;,&quot;controls&quot;:&quot;yes&quot;,&quot;aspect_ratio&quot;:&quot;169&quot;}\" data-widget_type=\"video.default\">\n\t\t\t\t<div class=\"elementor-widget-container\">\n\t\t\t<style>\/*! elementor - v3.10.1 - 17-01-2023 *\/\n.elementor-widget-video .elementor-widget-container{overflow:hidden;transform:translateZ(0)}.elementor-widget-video .elementor-open-inline .elementor-custom-embed-image-overlay{position:absolute;top:0;left:0;width:100%;height:100%;background-size:cover;background-position:50%}.elementor-widget-video .elementor-custom-embed-image-overlay{cursor:pointer;text-align:center}.elementor-widget-video .elementor-custom-embed-image-overlay:hover .elementor-custom-embed-play i{opacity:1}.elementor-widget-video .elementor-custom-embed-image-overlay img{display:block;width:100%}.elementor-widget-video .e-hosted-video .elementor-video{-o-object-fit:cover;object-fit:cover}.e-con-inner>.elementor-widget-video,.e-con>.elementor-widget-video{width:var(--container-widget-width);--flex-grow:var(--container-widget-flex-grow)}<\/style>\t\t<div class=\"elementor-wrapper elementor-fit-aspect-ratio elementor-open-inline\">\n\t\t\t<div class=\"elementor-video\"><\/div>\t\t<\/div>\n\t\t\t\t<\/div>\n\t\t\t\t<\/div>\n\t\t\t\t<div class=\"elementor-element elementor-element-5a0dc76 elementor-widget elementor-widget-text-editor\" data-id=\"5a0dc76\" data-element_type=\"widget\" data-widget_type=\"text-editor.default\">\n\t\t\t\t<div class=\"elementor-widget-container\">\n\t\t\t\t\t\t\t<p align=\"center\"><span><strong>Nauka M\u00f3wi<\/strong> to serce projektu <strong>SINUS<\/strong>. Widzowie przenosz\u0105 si\u0119 do fascynuj\u0105cego \u015bwiata nauki &#8211; najnowszych odkry\u0107 i projekt\u00f3w realizowanych w Uniwersytecie Szczeci\u0144skim. Dzi\u0119ki narracji samych badaczy, w \u015brodowisku, w kt\u00f3rym realizowane s\u0105 projekty, nauka staje si\u0119 bardziej zrozumia\u0142a. Nauka M\u00f3wi to nowe podej\u015bcie do popularyzacji nauki oraz ukazania spo\u0142ecznego wymiaru bada\u0144 prowadzonych w Uczelni. Uwypuklenie znaczenia bada\u0144 naukowych dla spo\u0142ecze\u0144stwa, w tym r\u00f3wnie\u017c spo\u0142ecznej odpowiedzialno\u015bci nauki jest kluczowe i w pe\u0142ni odwzorowane w ka\u017cdym odcinku serii. <\/span><\/p><p align=\"center\"><span>Kierownikiem projektu SINUS jest Magdalena Koziara-Pi\u0142atowska. Realizacja serii nast\u0105pi\u0142a we wsp\u00f3\u0142pracy z Uniwizj\u0105. <\/span><\/p><p align=\"center\"><strong>Projekt Spo\u0142eczna Inicjatywa Naukowa Uniwersytetu Szczeci\u0144skiego zosta\u0142 dofinansowany ze \u015brodk\u00f3w Ministerstwa Nauki i Szkolnictwa Wy\u017cszego w ramach programu \u201eSpo\u0142eczna odpowiedzialno\u015b\u0107 nauki\u201d.<\/strong><\/p>\t\t\t\t\t\t<\/div>\n\t\t\t\t<\/div>\n\t\t\t\t\t<\/div>\n\t\t<\/div>\n\t\t\t\t\t\t\t<\/div>\n\t\t<\/section>\n\t\t\t\t<section class=\"elementor-section elementor-top-section elementor-element elementor-element-b27f3bf elementor-section-height-min-height elementor-section-boxed elementor-section-height-default elementor-section-items-middle\" data-id=\"b27f3bf\" data-element_type=\"section\">\n\t\t\t\t\t\t<div class=\"elementor-container elementor-column-gap-default\">\n\t\t\t\t\t<div class=\"elementor-column elementor-col-50 elementor-top-column elementor-element elementor-element-0becc86\" data-id=\"0becc86\" data-element_type=\"column\">\n\t\t\t<div class=\"elementor-widget-wrap elementor-element-populated\">\n\t\t\t\t\t\t\t\t<div class=\"elementor-element elementor-element-57ea6bd elementor-aspect-ratio-169 elementor-widget elementor-widget-video\" data-id=\"57ea6bd\" data-element_type=\"widget\" data-settings=\"{&quot;youtube_url&quot;:&quot;https:\\\/\\\/youtu.be\\\/aYxgE_5P6nE?si=7fW6nzb0XL9Wa7rF&quot;,&quot;video_type&quot;:&quot;youtube&quot;,&quot;controls&quot;:&quot;yes&quot;,&quot;aspect_ratio&quot;:&quot;169&quot;}\" data-widget_type=\"video.default\">\n\t\t\t\t<div class=\"elementor-widget-container\">\n\t\t\t\t\t<div class=\"elementor-wrapper elementor-fit-aspect-ratio elementor-open-inline\">\n\t\t\t<div class=\"elementor-video\"><\/div>\t\t<\/div>\n\t\t\t\t<\/div>\n\t\t\t\t<\/div>\n\t\t\t\t\t<\/div>\n\t\t<\/div>\n\t\t\t\t<div class=\"elementor-column elementor-col-50 elementor-top-column elementor-element elementor-element-241a86f\" data-id=\"241a86f\" data-element_type=\"column\">\n\t\t\t<div class=\"elementor-widget-wrap elementor-element-populated\">\n\t\t\t\t\t\t\t\t<div class=\"elementor-element elementor-element-2e313cb elementor-widget elementor-widget-text-editor\" data-id=\"2e313cb\" data-element_type=\"widget\" data-widget_type=\"text-editor.default\">\n\t\t\t\t<div class=\"elementor-widget-container\">\n\t\t\t\t\t\t\t<p align=\"center\"><span data-contrast=\"auto\"><strong>Pasieka IMMUNO<\/strong> to projekt, kt\u00f3rego celem g\u0142\u00f3wnym jest ocena zdolno\u015bci immunomodulacyjnych i antynowotworowych jadu pszczelego, szczeg\u00f3lnie w zakresie blokowania punkt\u00f3w kontrolnych uk\u0142adu odporno\u015bciowego.\u00a0<\/span><span data-ccp-props=\"{&quot;201341983&quot;:0,&quot;335551550&quot;:6,&quot;335551620&quot;:6,&quot;335559739&quot;:160,&quot;335559740&quot;:259}\">\u00a0<\/span>\n\n<p align=\"center\"><span data-contrast=\"auto\">Projekt realizowany jest przez zesp\u00f3\u0142 Immunologii do\u015bwiadczalnej i immunobiologii chor\u00f3b zaka\u017anych i nowotworowych IMMUNO.<\/span><span data-ccp-props=\"{&quot;201341983&quot;:0,&quot;335551550&quot;:6,&quot;335551620&quot;:6,&quot;335559739&quot;:160,&quot;335559740&quot;:259}\">\u00a0<\/span>\n\n<p align=\"center\"><span data-contrast=\"auto\">Pierwszym etapem projektu by\u0142o za\u0142o\u017cenie pasieki w ogrodzie pa\u0142acowym w Kulicach. Ten element projektu ma tak\u017ce wymiar edukacyjny prowadzone s\u0105 warsztaty i wyk\u0142ady zwi\u0105zane z tematyk\u0105 pszcz\u00f3\u0142. Planowane jest r\u00f3wnie\u017c uruchomienie PASIEKA TV, w ramach kt\u00f3rego w jednym z uli b\u0119dzie mo\u017cna \u015bledzi\u0107 \u017cycie pszcz\u00f3\u0142 24\/7. W dalszych etapach projektu (po pozyskaniu odpowiednich \u015brodk\u00f3w) planujemy z zespo\u0142em badania na hodowlach kom\u00f3rek nowotworowych, kt\u00f3rym b\u0119dzie w ramach immunostymulacji podawany jad pszczeli, w celu oceny potencjalnych w\u0142a\u015bciwo\u015bci antynowotworowych. Wi\u0119cej informacji na stronie:\u00a0<\/span><a href=\"https:\/\/pszczola.usz.edu.pl\/\"><span data-ccp-props=\"{&quot;201341983&quot;:0,&quot;335551550&quot;:6,&quot;335551620&quot;:6,&quot;335559739&quot;:160,&quot;335559740&quot;:259}\">\u00a0<\/span><span data-contrast=\"auto\">https:\/\/pszczola.usz.edu.pl\/<\/span><span data-ccp-props=\"{&quot;201341983&quot;:0,&quot;335551550&quot;:6,&quot;335551620&quot;:6,&quot;335559739&quot;:160,&quot;335559740&quot;:259}\">\u00a0<\/span><\/a>\t\t\t\t\t\t<\/div>\n\t\t\t\t<\/div>\n\t\t\t\t\t<\/div>\n\t\t<\/div>\n\t\t\t\t\t\t\t<\/div>\n\t\t<\/section>\n\t\t\t\t<section class=\"elementor-section elementor-top-section elementor-element elementor-element-2673135 elementor-section-height-min-height elementor-section-boxed elementor-section-height-default elementor-section-items-middle\" data-id=\"2673135\" data-element_type=\"section\">\n\t\t\t\t\t\t<div class=\"elementor-container elementor-column-gap-default\">\n\t\t\t\t\t<div class=\"elementor-column elementor-col-50 elementor-top-column elementor-element elementor-element-d4bbfe4\" data-id=\"d4bbfe4\" data-element_type=\"column\">\n\t\t\t<div class=\"elementor-widget-wrap elementor-element-populated\">\n\t\t\t\t\t\t\t\t<div class=\"elementor-element elementor-element-21233fa elementor-aspect-ratio-169 elementor-widget elementor-widget-video\" data-id=\"21233fa\" data-element_type=\"widget\" data-settings=\"{&quot;youtube_url&quot;:&quot;https:\\\/\\\/youtu.be\\\/uKpFpUGB4dI?si=wFbfHuiNfSEwYTvn&quot;,&quot;video_type&quot;:&quot;youtube&quot;,&quot;controls&quot;:&quot;yes&quot;,&quot;aspect_ratio&quot;:&quot;169&quot;}\" data-widget_type=\"video.default\">\n\t\t\t\t<div class=\"elementor-widget-container\">\n\t\t\t\t\t<div class=\"elementor-wrapper elementor-fit-aspect-ratio elementor-open-inline\">\n\t\t\t<div class=\"elementor-video\"><\/div>\t\t<\/div>\n\t\t\t\t<\/div>\n\t\t\t\t<\/div>\n\t\t\t\t\t<\/div>\n\t\t<\/div>\n\t\t\t\t<div class=\"elementor-column elementor-col-50 elementor-top-column elementor-element elementor-element-24780fa\" data-id=\"24780fa\" data-element_type=\"column\">\n\t\t\t<div class=\"elementor-widget-wrap elementor-element-populated\">\n\t\t\t\t\t\t\t\t<div class=\"elementor-element elementor-element-0e6bc41 elementor-widget elementor-widget-text-editor\" data-id=\"0e6bc41\" data-element_type=\"widget\" data-widget_type=\"text-editor.default\">\n\t\t\t\t<div class=\"elementor-widget-container\">\n\t\t\t\t\t\t\t<p align=\"center\"><span data-contrast=\"auto\"><strong>Atomowi \u017co\u0142nierze wolno\u015bci<\/strong>. Archeologia magazyn\u00f3w broni j\u0105drowej w Polsce, to projekt, kt\u00f3rego celem jest przedstawienie potencja\u0142u poznawczego nieinwazyjnych metod archeologicznych w studiach nad tajnymi obiektami wojskowymi z okresu zimnej wojny.<\/span><span data-ccp-props=\"{&quot;201341983&quot;:0,&quot;335551550&quot;:6,&quot;335551620&quot;:6,&quot;335559739&quot;:160,&quot;335559740&quot;:259}\">\u00a0<\/span>\n\n<p align=\"center\"><span data-contrast=\"auto\">Projekt realizowany jest w Instytucie Historycznym Uniwersytetu Szczeci\u0144skiego, pod kierownictwem dr hab. Grzegorza Kiarszysa, prof. US.<\/span><span data-ccp-props=\"{&quot;201341983&quot;:0,&quot;335551550&quot;:6,&quot;335551620&quot;:6,&quot;335559739&quot;:160,&quot;335559740&quot;:259}\">\u00a0<\/span>\n\n<p align=\"center\"><span data-contrast=\"auto\">W ramach projektu badawczego prowadzono badania zdj\u0119\u0107 lotniczych, a tak\u017ce odtajnionych dokument\u00f3w, w tym dokument\u00f3w CIA, czy Uk\u0142adu Warszawskiego. Kierownik projektu, dr hab. Grzegorz Kiarszys, prof. US zabiera nas do jednego z trzech magazyn\u00f3w broni atomowej \u2013 obiektu 3001 w Podborsku, w kt\u00f3rym mo\u017cemy zobaczy\u0107 zachowane pozosta\u0142o\u015bci zimnej wojny.<\/span><span data-ccp-props=\"{&quot;201341983&quot;:0,&quot;335551550&quot;:6,&quot;335551620&quot;:6,&quot;335559739&quot;:160,&quot;335559740&quot;:259}\">\u00a0<\/span>\t\t\t\t\t\t<\/div>\n\t\t\t\t<\/div>\n\t\t\t\t\t<\/div>\n\t\t<\/div>\n\t\t\t\t\t\t\t<\/div>\n\t\t<\/section>\n\t\t\t\t<section class=\"elementor-section elementor-top-section elementor-element elementor-element-c55d0a3 elementor-section-height-min-height elementor-section-boxed elementor-section-height-default elementor-section-items-middle\" data-id=\"c55d0a3\" data-element_type=\"section\">\n\t\t\t\t\t\t<div class=\"elementor-container elementor-column-gap-default\">\n\t\t\t\t\t<div class=\"elementor-column elementor-col-50 elementor-top-column elementor-element elementor-element-20ef3a6\" data-id=\"20ef3a6\" data-element_type=\"column\">\n\t\t\t<div class=\"elementor-widget-wrap elementor-element-populated\">\n\t\t\t\t\t\t\t\t<div class=\"elementor-element elementor-element-753ddd2 elementor-aspect-ratio-169 elementor-widget elementor-widget-video\" data-id=\"753ddd2\" data-element_type=\"widget\" data-settings=\"{&quot;youtube_url&quot;:&quot;https:\\\/\\\/youtu.be\\\/rx8x3ROf1WE?si=OkjKGEblN1Vq2z3y&quot;,&quot;video_type&quot;:&quot;youtube&quot;,&quot;controls&quot;:&quot;yes&quot;,&quot;aspect_ratio&quot;:&quot;169&quot;}\" data-widget_type=\"video.default\">\n\t\t\t\t<div class=\"elementor-widget-container\">\n\t\t\t\t\t<div class=\"elementor-wrapper elementor-fit-aspect-ratio elementor-open-inline\">\n\t\t\t<div class=\"elementor-video\"><\/div>\t\t<\/div>\n\t\t\t\t<\/div>\n\t\t\t\t<\/div>\n\t\t\t\t\t<\/div>\n\t\t<\/div>\n\t\t\t\t<div class=\"elementor-column elementor-col-50 elementor-top-column elementor-element elementor-element-df4cf71\" data-id=\"df4cf71\" data-element_type=\"column\">\n\t\t\t<div class=\"elementor-widget-wrap elementor-element-populated\">\n\t\t\t\t\t\t\t\t<div class=\"elementor-element elementor-element-af8d4a0 elementor-widget elementor-widget-text-editor\" data-id=\"af8d4a0\" data-element_type=\"widget\" data-widget_type=\"text-editor.default\">\n\t\t\t\t<div class=\"elementor-widget-container\">\n\t\t\t\t\t\t\t<p align=\"center\"><span data-contrast=\"none\">Projekt <strong>Turystyka winiarska<\/strong> jako czynnik rozwoju obszar\u00f3w wiejskich wojew\u00f3dztwa zachodniopomorskiego, ma na celu badanie rozwoju obszar\u00f3w wiejskich dzi\u0119ki powstaniu szlaku winiarskiego.<\/span><span data-ccp-props=\"{&quot;201341983&quot;:0,&quot;335551550&quot;:6,&quot;335551620&quot;:6,&quot;335559685&quot;:0,&quot;335559739&quot;:160,&quot;335559740&quot;:259}\">\u00a0<\/span>\n\n<p align=\"center\"><span data-contrast=\"none\">Projekt realizowany przez dr hab. Zbigniewa G\u0142\u0105bi\u0144skiego oraz dr <\/span><span data-contrast=\"none\">Tomasza <\/span><span data-contrast=\"none\">Dud\u0119 kreuje nowy produkt turystyczny, jakim jest tematyczny szlak enoturystyczno m- kulturowy. Kierownicy projektu, w ramach cyklu Nauka M\u00f3wi, zabieraj\u0105 nas do dw\u00f3ch z dwudziestu o\u015bmiu winnic Pomorza Zachodniego, przybli\u017caj\u0105c nam szczeg\u00f3\u0142y na temat uprawy winoro\u015bli, ich odmian, historycznych aspekt\u00f3w uprawy oraz pasj\u0119 ludzi tworz\u0105cych nowy szlak turystyczny.<\/span><span data-ccp-props=\"{&quot;201341983&quot;:0,&quot;335551550&quot;:6,&quot;335551620&quot;:6,&quot;335559685&quot;:0,&quot;335559739&quot;:160,&quot;335559740&quot;:259}\">\u00a0<\/span>\t\t\t\t\t\t<\/div>\n\t\t\t\t<\/div>\n\t\t\t\t\t<\/div>\n\t\t<\/div>\n\t\t\t\t\t\t\t<\/div>\n\t\t<\/section>\n\t\t\t\t<section class=\"elementor-section elementor-top-section elementor-element elementor-element-4cc63bd elementor-section-height-min-height elementor-section-boxed elementor-section-height-default elementor-section-items-middle\" data-id=\"4cc63bd\" data-element_type=\"section\">\n\t\t\t\t\t\t<div class=\"elementor-container elementor-column-gap-default\">\n\t\t\t\t\t<div class=\"elementor-column elementor-col-50 elementor-top-column elementor-element elementor-element-9e5559b\" data-id=\"9e5559b\" data-element_type=\"column\">\n\t\t\t<div class=\"elementor-widget-wrap elementor-element-populated\">\n\t\t\t\t\t\t\t\t<div class=\"elementor-element elementor-element-7e3c815 elementor-aspect-ratio-169 elementor-widget elementor-widget-video\" data-id=\"7e3c815\" data-element_type=\"widget\" data-settings=\"{&quot;youtube_url&quot;:&quot;https:\\\/\\\/youtu.be\\\/xK_BvrchgqA?si=NC7yMPZ9D5sbFUxX&quot;,&quot;video_type&quot;:&quot;youtube&quot;,&quot;controls&quot;:&quot;yes&quot;,&quot;aspect_ratio&quot;:&quot;169&quot;}\" data-widget_type=\"video.default\">\n\t\t\t\t<div class=\"elementor-widget-container\">\n\t\t\t\t\t<div class=\"elementor-wrapper elementor-fit-aspect-ratio elementor-open-inline\">\n\t\t\t<div class=\"elementor-video\"><\/div>\t\t<\/div>\n\t\t\t\t<\/div>\n\t\t\t\t<\/div>\n\t\t\t\t\t<\/div>\n\t\t<\/div>\n\t\t\t\t<div class=\"elementor-column elementor-col-50 elementor-top-column elementor-element elementor-element-294f359\" data-id=\"294f359\" data-element_type=\"column\">\n\t\t\t<div class=\"elementor-widget-wrap elementor-element-populated\">\n\t\t\t\t\t\t\t\t<div class=\"elementor-element elementor-element-230b30e elementor-widget elementor-widget-text-editor\" data-id=\"230b30e\" data-element_type=\"widget\" data-widget_type=\"text-editor.default\">\n\t\t\t\t<div class=\"elementor-widget-container\">\n\t\t\t\t\t\t\t<p align=\"center\"><span data-contrast=\"none\">Celem <strong>p<span data-contrast=\"auto\" xml:lang=\"PL-PL\" lang=\"PL-PL\" class=\"TextRun SCXW40894217 BCX0\"><span class=\"NormalTextRun SCXW40894217 BCX0\">rogramu \u0107wicze\u0144 fizycznych jako wsparcie w terapii jaskry <\/span><\/span><\/strong>jest opracowanie wytycznych dotycz\u0105cych najskuteczniejszych strategii treningowych, kt\u00f3re zwi\u0119ksz\u0105 sprawno\u015b\u0107 fizyczn\u0105 pacjent\u00f3w z jaskr\u0105, chorob\u0105 dotykaj\u0105c\u0105 coraz wi\u0119cej os\u00f3b, oraz pozytywnie wp\u0142yn\u0105 na stan zdrowia ich oczu.<\/span><span data-ccp-props=\"{&quot;201341983&quot;:0,&quot;335551550&quot;:6,&quot;335551620&quot;:6,&quot;335559685&quot;:0,&quot;335559739&quot;:160,&quot;335559740&quot;:259}\">\u00a0<\/span>\n\n<p align=\"center\"><span data-contrast=\"none\">Projekt prowadzony jest przez zesp\u00f3\u0142 laboratorium kinezjologii Centrum Bada\u0144 Strukturalno \u2013 Funkcjonalnych Cz\u0142owieka US, II Klinik\u0119 Okulistyki PUM w Szczecinie, CLARO group, Department of Optics Faculty of Sciences, Department of Sport Sciences University of Granada.\u00a0<\/span><span data-ccp-props=\"{&quot;201341983&quot;:0,&quot;335551550&quot;:6,&quot;335551620&quot;:6,&quot;335559685&quot;:0,&quot;335559739&quot;:160,&quot;335559740&quot;:259}\">\u00a0<\/span>\n\n<p align=\"center\"><span data-contrast=\"none\">Prowadzone w ramach projektu badania, prowadz\u0105 do okre\u015blenia rodzaj\u00f3w aktywno\u015bci fizycznej os\u00f3b chorych na jaskr\u0119, dostosowanej do wieku oraz mo\u017cliwo\u015bci motorycznych pacjent\u00f3w, kt\u00f3ra przyczynia si\u0119 do zmniejszenia ci\u015bnienia wewn\u0105trzga\u0142kowego, a co za tym idzie, do zmniejszenia ryzyka uszkodzenia nerwu wzrokowego.<\/span><span data-ccp-props=\"{&quot;201341983&quot;:0,&quot;335551550&quot;:6,&quot;335551620&quot;:6,&quot;335559685&quot;:0,&quot;335559739&quot;:160,&quot;335559740&quot;:259}\">\u00a0<\/span>\t\t\t\t\t\t<\/div>\n\t\t\t\t<\/div>\n\t\t\t\t\t<\/div>\n\t\t<\/div>\n\t\t\t\t\t\t\t<\/div>\n\t\t<\/section>\n\t\t\t\t<section class=\"elementor-section elementor-top-section elementor-element elementor-element-4bd1ba5 elementor-section-height-min-height elementor-section-boxed elementor-section-height-default elementor-section-items-middle\" data-id=\"4bd1ba5\" data-element_type=\"section\">\n\t\t\t\t\t\t<div class=\"elementor-container elementor-column-gap-default\">\n\t\t\t\t\t<div class=\"elementor-column elementor-col-50 elementor-top-column elementor-element elementor-element-21c1ca5\" data-id=\"21c1ca5\" data-element_type=\"column\">\n\t\t\t<div class=\"elementor-widget-wrap elementor-element-populated\">\n\t\t\t\t\t\t\t\t<div class=\"elementor-element elementor-element-9d55f3e elementor-aspect-ratio-169 elementor-widget elementor-widget-video\" data-id=\"9d55f3e\" data-element_type=\"widget\" data-settings=\"{&quot;youtube_url&quot;:&quot;https:\\\/\\\/youtu.be\\\/Ggm1XYnsuBU?si=llq5ixA62m8vsEc9&quot;,&quot;video_type&quot;:&quot;youtube&quot;,&quot;controls&quot;:&quot;yes&quot;,&quot;aspect_ratio&quot;:&quot;169&quot;}\" data-widget_type=\"video.default\">\n\t\t\t\t<div class=\"elementor-widget-container\">\n\t\t\t\t\t<div class=\"elementor-wrapper elementor-fit-aspect-ratio elementor-open-inline\">\n\t\t\t<div class=\"elementor-video\"><\/div>\t\t<\/div>\n\t\t\t\t<\/div>\n\t\t\t\t<\/div>\n\t\t\t\t\t<\/div>\n\t\t<\/div>\n\t\t\t\t<div class=\"elementor-column elementor-col-50 elementor-top-column elementor-element elementor-element-50056fd\" data-id=\"50056fd\" data-element_type=\"column\">\n\t\t\t<div class=\"elementor-widget-wrap elementor-element-populated\">\n\t\t\t\t\t\t\t\t<div class=\"elementor-element elementor-element-7ce14b6 elementor-widget elementor-widget-text-editor\" data-id=\"7ce14b6\" data-element_type=\"widget\" data-widget_type=\"text-editor.default\">\n\t\t\t\t<div class=\"elementor-widget-container\">\n\t\t\t\t\t\t\t<p align=\"center\"><span data-contrast=\"none\">G\u0142\u00f3wnym celem projektu <strong>CleanHME<\/strong> jest opracowanie nowego, czystego, bezpiecznego, kompaktowego i bardzo wydajnego \u017ar\u00f3d\u0142a energii opartego na systemach wod\u00f3r-metal, kt\u00f3re mog\u0142oby by\u0107 prze\u0142omem zar\u00f3wno w zastosowaniach prywatnych, jak i przemys\u0142owych.\u00a0<\/span><span data-ccp-props=\"{&quot;201341983&quot;:0,&quot;335551550&quot;:6,&quot;335551620&quot;:6,&quot;335559685&quot;:0,&quot;335559739&quot;:160,&quot;335559740&quot;:259}\">\u00a0<\/span>\n\n<p align=\"center\"><span data-contrast=\"none\">Nowe \u017ar\u00f3d\u0142o energii mog\u0142oby by\u0107 wykorzystane zar\u00f3wno jako ma\u0142y system mobilny, jak i alternatywnie jako samodzielny generator ciep\u0142a i energii elektrycznej. W przypadku sukcesu prowadzonych bada\u0144 proponowane rozwi\u0105zania mog\u0105 by\u0107 prze\u0142omem dla bran\u017cy energetycznej i b\u0119d\u0105 mie\u0107 ogromne znaczenie dla tzw. technologii bezemisyjnych, przyczyniaj\u0105c si\u0119 do ochrony klimatu i \u015brodowiska naturalnego.<\/span><span data-ccp-props=\"{&quot;201341983&quot;:0,&quot;335551550&quot;:6,&quot;335551620&quot;:6,&quot;335559685&quot;:0,&quot;335559739&quot;:160,&quot;335559740&quot;:259}\">\u00a0<\/span>\n\n<p align=\"center\"><span data-contrast=\"none\">Projekt ClearHME jest realizowany w ramach europejskiego programu Horyzont 2020 i konkursu pt. \u201ePrzysz\u0142e i nowo powstaj\u0105ce technologie\u201d, finansuj\u0105cego prze\u0142omowe projekty badawcze o wysokim ryzyku realizacyjnym i wysokim potencjale rozwojowym dla gospodarki i spo\u0142ecze\u0144stwa Europy. Projekt jest realizowany przez 4 lata (1.08.2020 -31.07.2024) przez szerokie, europejskie konsorcjum, grupuj\u0105ce 17 instytucji naukowych (m.in. Akademi\u0119 Morsk\u0105 w Szczecinie, Uniwersytet w Uppsali, Politechnik\u0119 w Turynie, Uniwersytet w Sienie, INFN W\u0142ochy, CNRS Francja, Instytut Josefa Stefana ze S\u0142owenii), startup\u00f3w i firm komercyjnych z 9 kraj\u00f3w europejskich, wsp\u00f3\u0142pracuj\u0105ce z czo\u0142owymi naukowcami z USA (Massachusettes Institute of Technology) i Kanady (Lakehead University). Jest koordynowany przez grup\u0119 badawcz\u0105 Instytutu Fizyki Uniwersytetu Szczeci\u0144skiego pod kierownictwem prof. dr hab. Konrada Czerskiego, dyrektora Centrum Fizyki Eksperymentalnej Uniwersytetu Szczeci\u0144skiego \u201eeLBRUS\u201d.<\/span><span data-ccp-props=\"{&quot;201341983&quot;:0,&quot;335551550&quot;:6,&quot;335551620&quot;:6,&quot;335559685&quot;:0,&quot;335559739&quot;:160,&quot;335559740&quot;:259}\">\u00a0<\/span>\t\t\t\t\t\t<\/div>\n\t\t\t\t<\/div>\n\t\t\t\t\t<\/div>\n\t\t<\/div>\n\t\t\t\t\t\t\t<\/div>\n\t\t<\/section>\n\t\t\t\t<section class=\"elementor-section elementor-top-section elementor-element elementor-element-0b67dea elementor-section-height-min-height elementor-section-boxed elementor-section-height-default elementor-section-items-middle\" data-id=\"0b67dea\" data-element_type=\"section\">\n\t\t\t\t\t\t<div class=\"elementor-container elementor-column-gap-default\">\n\t\t\t\t\t<div class=\"elementor-column elementor-col-50 elementor-top-column elementor-element elementor-element-98f27c2\" data-id=\"98f27c2\" data-element_type=\"column\">\n\t\t\t<div class=\"elementor-widget-wrap elementor-element-populated\">\n\t\t\t\t\t\t\t\t<div class=\"elementor-element elementor-element-a8d9da7 elementor-aspect-ratio-169 elementor-widget elementor-widget-video\" data-id=\"a8d9da7\" data-element_type=\"widget\" data-settings=\"{&quot;youtube_url&quot;:&quot;https:\\\/\\\/www.youtube.com\\\/watch?v=VkB8vDKkGYI&amp;list=PLMUSjrFjAfqtWFS6UgZy90ofwWXQFExdm&amp;index=8&amp;ab_channel=UniwersytetSzczeci%C5%84ski&quot;,&quot;video_type&quot;:&quot;youtube&quot;,&quot;controls&quot;:&quot;yes&quot;,&quot;aspect_ratio&quot;:&quot;169&quot;}\" data-widget_type=\"video.default\">\n\t\t\t\t<div class=\"elementor-widget-container\">\n\t\t\t\t\t<div class=\"elementor-wrapper elementor-fit-aspect-ratio elementor-open-inline\">\n\t\t\t<div class=\"elementor-video\"><\/div>\t\t<\/div>\n\t\t\t\t<\/div>\n\t\t\t\t<\/div>\n\t\t\t\t\t<\/div>\n\t\t<\/div>\n\t\t\t\t<div class=\"elementor-column elementor-col-50 elementor-top-column elementor-element elementor-element-c2e44fe\" data-id=\"c2e44fe\" data-element_type=\"column\">\n\t\t\t<div class=\"elementor-widget-wrap elementor-element-populated\">\n\t\t\t\t\t\t\t\t<div class=\"elementor-element elementor-element-2fd5068 elementor-widget elementor-widget-text-editor\" data-id=\"2fd5068\" data-element_type=\"widget\" data-widget_type=\"text-editor.default\">\n\t\t\t\t<div class=\"elementor-widget-container\">\n\t\t\t\t\t\t\t<p align=\"center\"><span>Celem <strong>Winnet Centre of Excellence<\/strong> jest identyfikacja problem\u00f3w spo\u0142ecznych i gospodarczych kobiet oraz podejmowanie dzia\u0142a\u0144 wspieraj\u0105cych kobiety na rynku pracy. Badania naukowe rozpocz\u0119te w 2010 roku przez zesp\u00f3\u0142 dr Marty Hozer-Ko\u0107miel wypracowa\u0142y system wyr\u00f3wnywania szans kobiet na rynku pracy. <\/span>\n\n<p align=\"center\"><span>W 2014 roku przy Wydziale Nauk Ekonomicznych Uniwersytetu Szczeci\u0144skiego powsta\u0142o Winnet Centre of Excellence. Analizy i diagnozy wykonane przez zesp\u00f3\u0142 Winnet przyczyniaj\u0105 si\u0119 do zwi\u0119kszenia aktywno\u015bci kobiet na rynku pracy w krajach Regionu Morza Ba\u0142tyckiego. Wyniki bada\u0144 promowane s\u0105 w ramach czasopisma Winnet Centre of Excellence Series. Maj\u0105 one wp\u0142yw na kszta\u0142towanie strategii dzia\u0142a\u0144 podejmowanych przez organy centralne i regionalne w zakresie wyr\u00f3wnywania szans kobiet na rynku pracy. <\/span>\t\t\t\t\t\t<\/div>\n\t\t\t\t<\/div>\n\t\t\t\t\t<\/div>\n\t\t<\/div>\n\t\t\t\t\t\t\t<\/div>\n\t\t<\/section>\n\t\t\t\t<section class=\"elementor-section elementor-top-section elementor-element elementor-element-992f996 elementor-section-height-min-height elementor-section-boxed elementor-section-height-default elementor-section-items-middle\" data-id=\"992f996\" data-element_type=\"section\">\n\t\t\t\t\t\t<div class=\"elementor-container elementor-column-gap-default\">\n\t\t\t\t\t<div class=\"elementor-column elementor-col-50 elementor-top-column elementor-element elementor-element-c99ceea\" data-id=\"c99ceea\" data-element_type=\"column\">\n\t\t\t<div class=\"elementor-widget-wrap elementor-element-populated\">\n\t\t\t\t\t\t\t\t<div class=\"elementor-element elementor-element-3af9d8d elementor-aspect-ratio-169 elementor-widget elementor-widget-video\" data-id=\"3af9d8d\" data-element_type=\"widget\" data-settings=\"{&quot;youtube_url&quot;:&quot;https:\\\/\\\/www.youtube.com\\\/watch?v=nYJc6jmzZw4&amp;list=PLMUSjrFjAfqtWFS6UgZy90ofwWXQFExdm&amp;index=9&amp;ab_channel=UniwersytetSzczeci%C5%84ski&quot;,&quot;video_type&quot;:&quot;youtube&quot;,&quot;controls&quot;:&quot;yes&quot;,&quot;aspect_ratio&quot;:&quot;169&quot;}\" data-widget_type=\"video.default\">\n\t\t\t\t<div class=\"elementor-widget-container\">\n\t\t\t\t\t<div class=\"elementor-wrapper elementor-fit-aspect-ratio elementor-open-inline\">\n\t\t\t<div class=\"elementor-video\"><\/div>\t\t<\/div>\n\t\t\t\t<\/div>\n\t\t\t\t<\/div>\n\t\t\t\t\t<\/div>\n\t\t<\/div>\n\t\t\t\t<div class=\"elementor-column elementor-col-50 elementor-top-column elementor-element elementor-element-4dcb4d7\" data-id=\"4dcb4d7\" data-element_type=\"column\">\n\t\t\t<div class=\"elementor-widget-wrap elementor-element-populated\">\n\t\t\t\t\t\t\t\t<div class=\"elementor-element elementor-element-2f7b8ab elementor-widget elementor-widget-text-editor\" data-id=\"2f7b8ab\" data-element_type=\"widget\" data-widget_type=\"text-editor.default\">\n\t\t\t\t<div class=\"elementor-widget-container\">\n\t\t\t\t\t\t\t<p align=\"center\"><span>Projekt zak\u0142ada wykonanie i wdro\u017cenie zintegrowanego narz\u0119dzia informatycznego (software i hardware) wspomagaj\u0105cego zarz\u0105dzanie kryzysowe, pn.: <strong>Regionalny system informatyczny zarz\u0105dzania kryzysowego<\/strong>. <\/span>\n\n<p align=\"center\"><span>Ramy przedmiotowe i cele projektu odnosz\u0105 si\u0119 do zapobiegania, przygotowania oraz reagowania na zagro\u017cenia i ich skutki (usuwania ich i odbudowy) determinowane zmianami klimatycznymi na terenie Szczeci\u0144skiego Obszaru Metropolitalnego. <\/span>\t\t\t\t\t\t<\/div>\n\t\t\t\t<\/div>\n\t\t\t\t\t<\/div>\n\t\t<\/div>\n\t\t\t\t\t\t\t<\/div>\n\t\t<\/section>\n\t\t\t\t<section class=\"elementor-section elementor-top-section elementor-element elementor-element-903520b elementor-section-height-min-height elementor-section-boxed elementor-section-height-default elementor-section-items-middle\" data-id=\"903520b\" data-element_type=\"section\">\n\t\t\t\t\t\t<div class=\"elementor-container elementor-column-gap-default\">\n\t\t\t\t\t<div class=\"elementor-column elementor-col-50 elementor-top-column elementor-element elementor-element-d8cfa81\" data-id=\"d8cfa81\" data-element_type=\"column\">\n\t\t\t<div class=\"elementor-widget-wrap elementor-element-populated\">\n\t\t\t\t\t\t\t\t<div class=\"elementor-element elementor-element-27f43ad elementor-aspect-ratio-169 elementor-widget elementor-widget-video\" data-id=\"27f43ad\" data-element_type=\"widget\" data-settings=\"{&quot;youtube_url&quot;:&quot;https:\\\/\\\/www.youtube.com\\\/watch?v=jL3W_c8CxHY&amp;list=PLMUSjrFjAfqtWFS6UgZy90ofwWXQFExdm&amp;index=8&quot;,&quot;video_type&quot;:&quot;youtube&quot;,&quot;controls&quot;:&quot;yes&quot;,&quot;aspect_ratio&quot;:&quot;169&quot;}\" data-widget_type=\"video.default\">\n\t\t\t\t<div class=\"elementor-widget-container\">\n\t\t\t\t\t<div class=\"elementor-wrapper elementor-fit-aspect-ratio elementor-open-inline\">\n\t\t\t<div class=\"elementor-video\"><\/div>\t\t<\/div>\n\t\t\t\t<\/div>\n\t\t\t\t<\/div>\n\t\t\t\t\t<\/div>\n\t\t<\/div>\n\t\t\t\t<div class=\"elementor-column elementor-col-50 elementor-top-column elementor-element elementor-element-5b5d994\" data-id=\"5b5d994\" data-element_type=\"column\">\n\t\t\t<div class=\"elementor-widget-wrap elementor-element-populated\">\n\t\t\t\t\t\t\t\t<div class=\"elementor-element elementor-element-8b7439e elementor-widget elementor-widget-text-editor\" data-id=\"8b7439e\" data-element_type=\"widget\" data-widget_type=\"text-editor.default\">\n\t\t\t\t<div class=\"elementor-widget-container\">\n\t\t\t\t\t\t\t<p align=\"center\"><b>Informatyzacja post\u0119powania cywilnego <\/b><span style=\"font-weight: 400;\">poprzez wdra\u017canie inteligentnych rozwi\u0105za\u0144 w post\u0119powaniu przed s\u0105dami cywilnymi i organami egzekucyjnymi stanowi\u0105 aktualnie wyzwanie dla badaczy tego procesu.\u00a0 Projekt dotyczy prowadzenia bada\u0144 nad digitalizacj\u0105 i automatyzacj\u0105 pracy na dokumentach, wdra\u017cania inteligentnych rozwi\u0105za\u0144 technicznych w wymiarze sprawiedliwo\u015bci, elektronizacji wymiaru sprawiedliwo\u015bci, swobodnego przep\u0142ywu danych nieosobowych, ochrony gromadzonych danych przed niew\u0142a\u015bciwym ich wykorzystaniem, analizy wy\u0142\u0105czenia danych cyfrowych z tajemnicy przedsi\u0119biorstwa, w\u0142asno\u015bci intelektualnej, wp\u0142ywu udost\u0119pnianych danych na konkurencj\u0119 rynkow\u0105, przeciwdzia\u0142ania dyskryminuj\u0105cemu wykorzystaniu danych nieosobowych.\u00a0<\/span>\t\t\t\t\t\t<\/div>\n\t\t\t\t<\/div>\n\t\t\t\t\t<\/div>\n\t\t<\/div>\n\t\t\t\t\t\t\t<\/div>\n\t\t<\/section>\n\t\t\t\t<section class=\"elementor-section elementor-top-section elementor-element elementor-element-b0c2a80 elementor-section-height-min-height elementor-section-boxed elementor-section-height-default elementor-section-items-middle\" data-id=\"b0c2a80\" data-element_type=\"section\">\n\t\t\t\t\t\t<div class=\"elementor-container elementor-column-gap-default\">\n\t\t\t\t\t<div class=\"elementor-column elementor-col-50 elementor-top-column elementor-element elementor-element-47e4b59\" data-id=\"47e4b59\" data-element_type=\"column\">\n\t\t\t<div class=\"elementor-widget-wrap elementor-element-populated\">\n\t\t\t\t\t\t\t\t<div class=\"elementor-element elementor-element-189d67d elementor-aspect-ratio-169 elementor-widget elementor-widget-video\" data-id=\"189d67d\" data-element_type=\"widget\" data-settings=\"{&quot;youtube_url&quot;:&quot;https:\\\/\\\/www.youtube.com\\\/watch?v=w7XQ7BhVYxY&amp;list=PLMUSjrFjAfqtWFS6UgZy90ofwWXQFExdm&amp;index=9&quot;,&quot;video_type&quot;:&quot;youtube&quot;,&quot;controls&quot;:&quot;yes&quot;,&quot;aspect_ratio&quot;:&quot;169&quot;}\" data-widget_type=\"video.default\">\n\t\t\t\t<div class=\"elementor-widget-container\">\n\t\t\t\t\t<div class=\"elementor-wrapper elementor-fit-aspect-ratio elementor-open-inline\">\n\t\t\t<div class=\"elementor-video\"><\/div>\t\t<\/div>\n\t\t\t\t<\/div>\n\t\t\t\t<\/div>\n\t\t\t\t\t<\/div>\n\t\t<\/div>\n\t\t\t\t<div class=\"elementor-column elementor-col-50 elementor-top-column elementor-element elementor-element-43494c3\" data-id=\"43494c3\" data-element_type=\"column\">\n\t\t\t<div class=\"elementor-widget-wrap elementor-element-populated\">\n\t\t\t\t\t\t\t\t<div class=\"elementor-element elementor-element-2f7398e elementor-widget elementor-widget-text-editor\" data-id=\"2f7398e\" data-element_type=\"widget\" data-widget_type=\"text-editor.default\">\n\t\t\t\t<div class=\"elementor-widget-container\">\n\t\t\t\t\t\t\t<p align=\"center\"><b>Poszukiwanie nowych marker\u00f3w do monitoringu intensywno\u015bci wysi\u0142ku fizycznego<\/b><span style=\"font-weight: 400;\"> to ocena zmian wybranych wska\u017anik\u00f3w biochemicznych i molekularnych pod wp\u0142ywem wysi\u0142ku o wzrastaj\u0105cej intensywno\u015bci oraz w fazie restytucji u os\u00f3b wysoko wytrenowanych i nietrenuj\u0105cych. Naukowcy zaanga\u017cowani w projekt wsp\u00f3\u0142pracuj\u0105 z trenerami, a tak\u017ce zwi\u0105zkami sportowymi, w celu przeprowadzenia jak najwi\u0119kszej ilo\u015bci bada\u0144, co skutkowa\u0107 b\u0119dzie wykorzystaniem uzyskanej wiedzy w praktyce. Wsp\u00f3\u0142praca naukowc\u00f3w Uniwersytetu Szczeci\u0144skiego oraz trener\u00f3w r\u00f3\u017cnych dyscyplin sportowych, gwarantuje wdro\u017cenie wynik\u00f3w bada\u0144 w \u015bcie\u017cki treningowe sportowc\u00f3w.<\/span>\t\t\t\t\t\t<\/div>\n\t\t\t\t<\/div>\n\t\t\t\t\t<\/div>\n\t\t<\/div>\n\t\t\t\t\t\t\t<\/div>\n\t\t<\/section>\n\t\t\t\t<section class=\"elementor-section elementor-top-section elementor-element elementor-element-7bf6ad7 elementor-section-height-min-height elementor-section-boxed elementor-section-height-default elementor-section-items-middle\" data-id=\"7bf6ad7\" data-element_type=\"section\">\n\t\t\t\t\t\t<div class=\"elementor-container elementor-column-gap-default\">\n\t\t\t\t\t<div class=\"elementor-column elementor-col-50 elementor-top-column elementor-element elementor-element-c2e22ca\" data-id=\"c2e22ca\" data-element_type=\"column\">\n\t\t\t<div class=\"elementor-widget-wrap elementor-element-populated\">\n\t\t\t\t\t\t\t\t<div class=\"elementor-element elementor-element-ebfddea elementor-aspect-ratio-169 elementor-widget elementor-widget-video\" data-id=\"ebfddea\" data-element_type=\"widget\" data-settings=\"{&quot;youtube_url&quot;:&quot;https:\\\/\\\/www.youtube.com\\\/watch?v=oj_tfY9B4UY&amp;list=PLMUSjrFjAfqtWFS6UgZy90ofwWXQFExdm&amp;index=10&quot;,&quot;video_type&quot;:&quot;youtube&quot;,&quot;controls&quot;:&quot;yes&quot;,&quot;aspect_ratio&quot;:&quot;169&quot;}\" data-widget_type=\"video.default\">\n\t\t\t\t<div class=\"elementor-widget-container\">\n\t\t\t\t\t<div class=\"elementor-wrapper elementor-fit-aspect-ratio elementor-open-inline\">\n\t\t\t<div class=\"elementor-video\"><\/div>\t\t<\/div>\n\t\t\t\t<\/div>\n\t\t\t\t<\/div>\n\t\t\t\t\t<\/div>\n\t\t<\/div>\n\t\t\t\t<div class=\"elementor-column elementor-col-50 elementor-top-column elementor-element elementor-element-bdb1352\" data-id=\"bdb1352\" data-element_type=\"column\">\n\t\t\t<div class=\"elementor-widget-wrap elementor-element-populated\">\n\t\t\t\t\t\t\t\t<div class=\"elementor-element elementor-element-d9b0171 elementor-widget elementor-widget-text-editor\" data-id=\"d9b0171\" data-element_type=\"widget\" data-widget_type=\"text-editor.default\">\n\t\t\t\t<div class=\"elementor-widget-container\">\n\t\t\t\t\t\t\t<p align=\"center\"><span style=\"font-weight: 400;\">Celem projektu<\/span> <b>Mniejszo\u015bci na Pomorzu Zachodnim<\/b> <span style=\"font-weight: 400;\">jest upowszechnianie informacji o wytwarzanych przez organizacje mniejszo\u015bci narodowych i etnicznych dokumentach, zasobach oraz ich obecno\u015bci w wieloetnicznym krajobrazie wojew\u00f3dztwa zachodniopomorskiego.\u00a0 Film opowiada o dzia\u0142alno\u015bci mniejszo\u015bci narodowych w Szczecinie, na przyk\u0142adach Towarzystwa Spo\u0142eczno-Kulturalnego \u017byd\u00f3w w Szczecinie oraz Zwi\u0105zku Ukrai\u0144c\u00f3w w Polsce oddzia\u0142 w Szczecinie.\u00a0<\/span>\t\t\t\t\t\t<\/div>\n\t\t\t\t<\/div>\n\t\t\t\t\t<\/div>\n\t\t<\/div>\n\t\t\t\t\t\t\t<\/div>\n\t\t<\/section>\n\t\t\t\t<section class=\"elementor-section elementor-top-section elementor-element elementor-element-f1f93be elementor-section-height-min-height elementor-section-boxed elementor-section-height-default elementor-section-items-middle\" data-id=\"f1f93be\" data-element_type=\"section\">\n\t\t\t\t\t\t<div class=\"elementor-container elementor-column-gap-default\">\n\t\t\t\t\t<div class=\"elementor-column elementor-col-50 elementor-top-column elementor-element elementor-element-f15ee37\" data-id=\"f15ee37\" data-element_type=\"column\">\n\t\t\t<div class=\"elementor-widget-wrap elementor-element-populated\">\n\t\t\t\t\t\t\t\t<div class=\"elementor-element elementor-element-affc015 elementor-aspect-ratio-169 elementor-widget elementor-widget-video\" data-id=\"affc015\" data-element_type=\"widget\" data-settings=\"{&quot;youtube_url&quot;:&quot;https:\\\/\\\/www.youtube.com\\\/watch?v=nnHoVsEo8Kg&amp;list=PLMUSjrFjAfqtWFS6UgZy90ofwWXQFExdm&amp;index=12&quot;,&quot;video_type&quot;:&quot;youtube&quot;,&quot;controls&quot;:&quot;yes&quot;,&quot;aspect_ratio&quot;:&quot;169&quot;}\" data-widget_type=\"video.default\">\n\t\t\t\t<div class=\"elementor-widget-container\">\n\t\t\t\t\t<div class=\"elementor-wrapper elementor-fit-aspect-ratio elementor-open-inline\">\n\t\t\t<div class=\"elementor-video\"><\/div>\t\t<\/div>\n\t\t\t\t<\/div>\n\t\t\t\t<\/div>\n\t\t\t\t\t<\/div>\n\t\t<\/div>\n\t\t\t\t<div class=\"elementor-column elementor-col-50 elementor-top-column elementor-element elementor-element-68e1966\" data-id=\"68e1966\" data-element_type=\"column\">\n\t\t\t<div class=\"elementor-widget-wrap elementor-element-populated\">\n\t\t\t\t\t\t\t\t<div class=\"elementor-element elementor-element-66532d4 elementor-widget elementor-widget-text-editor\" data-id=\"66532d4\" data-element_type=\"widget\" data-widget_type=\"text-editor.default\">\n\t\t\t\t<div class=\"elementor-widget-container\">\n\t\t\t\t\t\t\t<p align=\"center\"><span>Prowadzone badania zajmuj\u0105 si\u0119 emocjami, jakie wzbudzaj\u0105 w odbiorcy opowie\u015bci polityczne. Jak zmienia si\u0119 spos\u00f3b reagowania odbiorc\u00f3w na poszczeg\u00f3lnych poziomach analizy. Badano sygnalizacj\u0119 niewerbaln\u0105 emocji w czasie ekspozycji (a wcze\u015bniej w badaniach poziomu neurobiologicznego tak\u017ce aktywno\u015b\u0107 m\u00f3zgu w fMRI-BOLD) i por\u00f3wna\u0107 je z raportowanym przez uczestnikami emocjami, efektami poznawczymi, oddzia\u0142ywaniem na postawy i zachowaniem badanych. <\/span>\t\t\t\t\t\t<\/div>\n\t\t\t\t<\/div>\n\t\t\t\t\t<\/div>\n\t\t<\/div>\n\t\t\t\t\t\t\t<\/div>\n\t\t<\/section>\n\t\t\t\t<section class=\"elementor-section elementor-top-section elementor-element elementor-element-f8287da elementor-section-height-min-height elementor-section-boxed elementor-section-height-default elementor-section-items-middle\" data-id=\"f8287da\" data-element_type=\"section\">\n\t\t\t\t\t\t<div class=\"elementor-container elementor-column-gap-default\">\n\t\t\t\t\t<div class=\"elementor-column elementor-col-50 elementor-top-column elementor-element elementor-element-1e95b2a\" data-id=\"1e95b2a\" data-element_type=\"column\">\n\t\t\t<div class=\"elementor-widget-wrap elementor-element-populated\">\n\t\t\t\t\t\t\t\t<div class=\"elementor-element elementor-element-ebb2de1 elementor-aspect-ratio-169 elementor-widget elementor-widget-video\" data-id=\"ebb2de1\" data-element_type=\"widget\" data-settings=\"{&quot;youtube_url&quot;:&quot;https:\\\/\\\/www.youtube.com\\\/watch?v=HTQ31_kLB3c&amp;list=PLMUSjrFjAfqtWFS6UgZy90ofwWXQFExdm&amp;index=13&quot;,&quot;video_type&quot;:&quot;youtube&quot;,&quot;controls&quot;:&quot;yes&quot;,&quot;aspect_ratio&quot;:&quot;169&quot;}\" data-widget_type=\"video.default\">\n\t\t\t\t<div class=\"elementor-widget-container\">\n\t\t\t\t\t<div class=\"elementor-wrapper elementor-fit-aspect-ratio elementor-open-inline\">\n\t\t\t<div class=\"elementor-video\"><\/div>\t\t<\/div>\n\t\t\t\t<\/div>\n\t\t\t\t<\/div>\n\t\t\t\t\t<\/div>\n\t\t<\/div>\n\t\t\t\t<div class=\"elementor-column elementor-col-50 elementor-top-column elementor-element elementor-element-dce7ce5\" data-id=\"dce7ce5\" data-element_type=\"column\">\n\t\t\t<div class=\"elementor-widget-wrap elementor-element-populated\">\n\t\t\t\t\t\t\t\t<div class=\"elementor-element elementor-element-b93d3d1 elementor-widget elementor-widget-text-editor\" data-id=\"b93d3d1\" data-element_type=\"widget\" data-widget_type=\"text-editor.default\">\n\t\t\t\t<div class=\"elementor-widget-container\">\n\t\t\t\t\t\t\t<p align=\"center\"><span>Rozwijanie bada\u0144 nad szeroko rozumianym <strong>zjawiskiem samotno\u015bci<\/strong> (odosobnienia, osamotnienia, ciszy) odbywa si\u0119 poprzez stworzenie \u015bwiatowego stowarzyszenia badaczy samotno\u015bci reprezentuj\u0105cych r\u00f3\u017cne kraje i dyscypliny naukowe. <\/span>\n\n<p align=\"center\"><span>Prowadzenie stowarzyszenia pozwala na koordynowanie \u015bwiatowej 'sieci&#8217; badaczy samotno\u015bci oraz inicjowanie projekt\u00f3w i przedsi\u0119wzi\u0119\u0107 badawczych. Podejmowane badania dotycz\u0105 szeroko rozumianej samotno\u015bci, a zatem odosobnienia celowego (pozytywnego), negatywnego (osamotnienie) i ciszy uj\u0119tych przez pryzmat r\u00f3\u017cnych dziedzin i dyscyplin. <\/span>\t\t\t\t\t\t<\/div>\n\t\t\t\t<\/div>\n\t\t\t\t\t<\/div>\n\t\t<\/div>\n\t\t\t\t\t\t\t<\/div>\n\t\t<\/section>\n\t\t\t\t<section class=\"elementor-section elementor-top-section elementor-element elementor-element-4af41f5 elementor-section-height-min-height elementor-section-boxed elementor-section-height-default elementor-section-items-middle\" data-id=\"4af41f5\" data-element_type=\"section\">\n\t\t\t\t\t\t<div class=\"elementor-container elementor-column-gap-default\">\n\t\t\t\t\t<div class=\"elementor-column elementor-col-50 elementor-top-column elementor-element elementor-element-7ea5c60\" data-id=\"7ea5c60\" data-element_type=\"column\">\n\t\t\t<div class=\"elementor-widget-wrap elementor-element-populated\">\n\t\t\t\t\t\t\t\t<div class=\"elementor-element elementor-element-d50dc5c elementor-aspect-ratio-169 elementor-widget elementor-widget-video\" data-id=\"d50dc5c\" data-element_type=\"widget\" data-settings=\"{&quot;youtube_url&quot;:&quot;https:\\\/\\\/www.youtube.com\\\/watch?v=6pT4bNGhyAU&amp;list=PLMUSjrFjAfqtWFS6UgZy90ofwWXQFExdm&amp;index=14&quot;,&quot;video_type&quot;:&quot;youtube&quot;,&quot;controls&quot;:&quot;yes&quot;,&quot;aspect_ratio&quot;:&quot;169&quot;}\" data-widget_type=\"video.default\">\n\t\t\t\t<div class=\"elementor-widget-container\">\n\t\t\t\t\t<div class=\"elementor-wrapper elementor-fit-aspect-ratio elementor-open-inline\">\n\t\t\t<div class=\"elementor-video\"><\/div>\t\t<\/div>\n\t\t\t\t<\/div>\n\t\t\t\t<\/div>\n\t\t\t\t\t<\/div>\n\t\t<\/div>\n\t\t\t\t<div class=\"elementor-column elementor-col-50 elementor-top-column elementor-element elementor-element-9e8b006\" data-id=\"9e8b006\" data-element_type=\"column\">\n\t\t\t<div class=\"elementor-widget-wrap elementor-element-populated\">\n\t\t\t\t\t\t\t\t<div class=\"elementor-element elementor-element-9d1f83a elementor-widget elementor-widget-text-editor\" data-id=\"9d1f83a\" data-element_type=\"widget\" data-widget_type=\"text-editor.default\">\n\t\t\t\t<div class=\"elementor-widget-container\">\n\t\t\t\t\t\t\t<p align=\"center\"><span>Nadrz\u0119dnym celem projektu jest stworzenie innowacyjnych kompozyt\u00f3w nanokrzemionkowych, dzi\u0119ki modyfikacji szkielet\u00f3w okrzemek za pomoc\u0105 r\u00f3\u017cnych metali \u2013 np. rutenu czy srebra &#8211; aby nada\u0107 im zupe\u0142nie nowe, unikalne w\u0142a\u015bciwo\u015bci. <\/span>\n\n<p align=\"center\"><span>Tak powstan\u0105 biokompozyty posiadaj\u0105ce zdolno\u015bci ch\u0142onne b\u0105d\u017a te\u017c uwalniaj\u0105ce okre\u015blone substancje lecznicze. Biosynteza i charakterystyka w\u0142a\u015bciwo\u015bci nowych materia\u0142\u00f3w na bazie nanocz\u0105stek tlenku cynku i srebra oraz biokrzemionki domieszkowanej jonami metali przej\u015bciowych oraz metody pozwalaj\u0105ce na ich fizykochemiczn\u0105 charakterystyk\u0119, a w konsekwencji wykorzystanie ich aplikacyjno\u015bci w przemy\u015ble wyrob\u00f3w medycznych, kosmetycznych, chemii gospodarczej oraz w przemy\u015ble spo\u017cywczym. <\/span>\t\t\t\t\t\t<\/div>\n\t\t\t\t<\/div>\n\t\t\t\t\t<\/div>\n\t\t<\/div>\n\t\t\t\t\t\t\t<\/div>\n\t\t<\/section>\n\t\t\t\t<section class=\"elementor-section elementor-top-section elementor-element elementor-element-17ba245 elementor-section-height-min-height elementor-section-boxed elementor-section-height-default elementor-section-items-middle\" data-id=\"17ba245\" data-element_type=\"section\">\n\t\t\t\t\t\t<div class=\"elementor-container elementor-column-gap-default\">\n\t\t\t\t\t<div class=\"elementor-column elementor-col-50 elementor-top-column elementor-element elementor-element-649987b\" data-id=\"649987b\" data-element_type=\"column\">\n\t\t\t<div class=\"elementor-widget-wrap elementor-element-populated\">\n\t\t\t\t\t\t\t\t<div class=\"elementor-element elementor-element-a9b96fb elementor-aspect-ratio-169 elementor-widget elementor-widget-video\" data-id=\"a9b96fb\" data-element_type=\"widget\" data-settings=\"{&quot;youtube_url&quot;:&quot;https:\\\/\\\/www.youtube.com\\\/watch?v=H9Q5wcYxEJk&amp;list=PLMUSjrFjAfqtWFS6UgZy90ofwWXQFExdm&amp;index=15&quot;,&quot;video_type&quot;:&quot;youtube&quot;,&quot;controls&quot;:&quot;yes&quot;,&quot;aspect_ratio&quot;:&quot;169&quot;}\" data-widget_type=\"video.default\">\n\t\t\t\t<div class=\"elementor-widget-container\">\n\t\t\t\t\t<div class=\"elementor-wrapper elementor-fit-aspect-ratio elementor-open-inline\">\n\t\t\t<div class=\"elementor-video\"><\/div>\t\t<\/div>\n\t\t\t\t<\/div>\n\t\t\t\t<\/div>\n\t\t\t\t\t<\/div>\n\t\t<\/div>\n\t\t\t\t<div class=\"elementor-column elementor-col-50 elementor-top-column elementor-element elementor-element-b8e224e\" data-id=\"b8e224e\" data-element_type=\"column\">\n\t\t\t<div class=\"elementor-widget-wrap elementor-element-populated\">\n\t\t\t\t\t\t\t\t<div class=\"elementor-element elementor-element-d4892f8 elementor-widget elementor-widget-text-editor\" data-id=\"d4892f8\" data-element_type=\"widget\" data-widget_type=\"text-editor.default\">\n\t\t\t\t<div class=\"elementor-widget-container\">\n\t\t\t\t\t\t\t<p align=\"center\"><span>Celem projektu by\u0142o <strong>rozwini\u0119cie idei j\u0119zyka jako narz\u0119dzia dzia\u0142ania<\/strong>, a nast\u0119pnie zastosowanie jej do wyja\u015bnienia natury i mechanizm\u00f3w komunikacji. <\/span>\n\n<p align=\"center\"><span>Projekt przyczyni\u0142 si\u0119 do lepszego zrozumienia roli konwencji w komunikacji, a tak\u017ce takich zjawisk, jak ironizowanie, negocjacja znacze\u0144, mowa po\u015brednia, mowa niejawna, odnoszenie si\u0119 do siebie, czy argumentacja prowadzona w warunkach niepewno\u015bci. Dodatkowym wynikiem projektu jest wypracowanie nowego sposobu konceptualizacji pyta\u0144 dotycz\u0105cych ewolucji i rozwoju zdolno\u015bci komunikacyjnych. <\/span>\t\t\t\t\t\t<\/div>\n\t\t\t\t<\/div>\n\t\t\t\t\t<\/div>\n\t\t<\/div>\n\t\t\t\t\t\t\t<\/div>\n\t\t<\/section>\n\t\t\t\t<section class=\"elementor-section elementor-top-section elementor-element elementor-element-ed2acb9 elementor-section-boxed elementor-section-height-default elementor-section-height-default\" data-id=\"ed2acb9\" data-element_type=\"section\">\n\t\t\t\t\t\t<div class=\"elementor-container elementor-column-gap-default\">\n\t\t\t\t\t<div class=\"elementor-column elementor-col-100 elementor-top-column elementor-element elementor-element-fc370c9\" data-id=\"fc370c9\" data-element_type=\"column\">\n\t\t\t<div class=\"elementor-widget-wrap elementor-element-populated\">\n\t\t\t\t\t\t\t\t<section class=\"elementor-section elementor-inner-section elementor-element elementor-element-0861a8e elementor-section-boxed elementor-section-height-default elementor-section-height-default\" data-id=\"0861a8e\" data-element_type=\"section\">\n\t\t\t\t\t\t<div class=\"elementor-container elementor-column-gap-default\">\n\t\t\t\t\t<div class=\"elementor-column elementor-col-100 elementor-inner-column elementor-element elementor-element-432ed85\" data-id=\"432ed85\" data-element_type=\"column\">\n\t\t\t<div class=\"elementor-widget-wrap elementor-element-populated\">\n\t\t\t\t\t\t\t\t<div class=\"elementor-element elementor-element-b84ca06 elementor-align-center elementor-widget elementor-widget-button\" data-id=\"b84ca06\" data-element_type=\"widget\" data-widget_type=\"button.default\">\n\t\t\t\t<div class=\"elementor-widget-container\">\n\t\t\t\t\t<div class=\"elementor-button-wrapper\">\n\t\t\t<a href=\"https:\/\/tiny.pl\/wp6fs\" target=\"_blank\" class=\"elementor-button-link elementor-button elementor-size-sm elementor-animation-shrink\" role=\"button\">\n\t\t\t\t\t\t<span class=\"elementor-button-content-wrapper\">\n\t\t\t\t\t\t<span class=\"elementor-button-text\">Regulamin projektu Nauka M\u00f3wi<\/span>\n\t\t<\/span>\n\t\t\t\t\t<\/a>\n\t\t<\/div>\n\t\t\t\t<\/div>\n\t\t\t\t<\/div>\n\t\t\t\t\t<\/div>\n\t\t<\/div>\n\t\t\t\t\t\t\t<\/div>\n\t\t<\/section>\n\t\t\t\t\t<\/div>\n\t\t<\/div>\n\t\t\t\t\t\t\t<\/div>\n\t\t<\/section>\n\t\t\t\t<section class=\"elementor-section elementor-top-section elementor-element elementor-element-e485432 elementor-section-boxed elementor-section-height-default elementor-section-height-default\" data-id=\"e485432\" data-element_type=\"section\">\n\t\t\t\t\t\t<div class=\"elementor-container elementor-column-gap-default\">\n\t\t\t\t\t<div class=\"elementor-column elementor-col-100 elementor-top-column elementor-element elementor-element-d51636d\" data-id=\"d51636d\" data-element_type=\"column\">\n\t\t\t<div class=\"elementor-widget-wrap elementor-element-populated\">\n\t\t\t\t\t\t\t\t<div class=\"elementor-element elementor-element-0418306 elementor-widget elementor-widget-text-editor\" data-id=\"0418306\" data-element_type=\"widget\" data-widget_type=\"text-editor.default\">\n\t\t\t\t<div class=\"elementor-widget-container\">\n\t\t\t\t\t\t\t<p align=\"center\">Projekt Spo\u0142eczna Inicjatywa Naukowa Uniwersytetu Szczeci\u0144skiego jest dofinansowany ze \u015brodk\u00f3w bud\u017cetu pa\u0144stwa w ramach programu Ministra Nauki i Szkolnictwa Wy\u017cszego pod nazw\u0105 Spo\u0142eczna Odpowiedzialno\u015b\u0107 Nauki nr projektu 548831 kwota dofinansowania 320 000 z\u0142 ca\u0142kowita warto\u015b\u0107 projektu 438 000 z\u0142\t\t\t\t\t\t<\/div>\n\t\t\t\t<\/div>\n\t\t\t\t\t<\/div>\n\t\t<\/div>\n\t\t\t\t\t\t\t<\/div>\n\t\t<\/section>\n\t\t\t\t\t\t\t<\/div>\n\t\t","protected":false},"excerpt":{"rendered":"<p>Naukowy potencja\u0142 Uniwersytetu Szczeci\u0144skiego stanowi oko\u0142o tysi\u0105ca pracownik\u00f3w naukowych oraz ponad dwustu doktorant\u00f3w. Ich zaanga\u017cowanie w realizacj\u0119 projekt\u00f3w badawczych, zar\u00f3wno krajowych jak i mi\u0119dzynarodowych oraz aktywno\u015b\u0107 publikacyjna spotyka si\u0119 z ogromnym uznaniem. Przedstawiamy Pa\u0144stwu cykl Nauka M\u00f3wi, prezentuj\u0105cy projekty, badania naukowe oraz prace rozwojowe realizowane w Uniwersytecie Szczeci\u0144skim! https:\/\/www.youtube.com\/watch?v=jc2pYfw4-dA&#038;list=PLMUSjrFjAfqtWFS6UgZy90ofwWXQFExdm&#038;index=15&#038;pp=iAQB Nauka [&hellip;]<\/p>\n","protected":false},"author":4,"featured_media":0,"parent":0,"menu_order":0,"comment_status":"closed","ping_status":"closed","template":"page-templates\/template-pagebuilder-full-width.php","meta":{"_themeisle_gutenberg_block_has_review":false,"_ti_tpc_template_sync":false,"_ti_tpc_template_id":"","footnotes":""},"class_list":["post-396","page","type-page","status-publish","hentry"],"_links":{"self":[{"href":"https:\/\/sinus.usz.edu.pl\/index.php\/wp-json\/wp\/v2\/pages\/396","targetHints":{"allow":["GET"]}}],"collection":[{"href":"https:\/\/sinus.usz.edu.pl\/index.php\/wp-json\/wp\/v2\/pages"}],"about":[{"href":"https:\/\/sinus.usz.edu.pl\/index.php\/wp-json\/wp\/v2\/types\/page"}],"author":[{"embeddable":true,"href":"https:\/\/sinus.usz.edu.pl\/index.php\/wp-json\/wp\/v2\/users\/4"}],"replies":[{"embeddable":true,"href":"https:\/\/sinus.usz.edu.pl\/index.php\/wp-json\/wp\/v2\/comments?post=396"}],"version-history":[{"count":96,"href":"https:\/\/sinus.usz.edu.pl\/index.php\/wp-json\/wp\/v2\/pages\/396\/revisions"}],"predecessor-version":[{"id":880,"href":"https:\/\/sinus.usz.edu.pl\/index.php\/wp-json\/wp\/v2\/pages\/396\/revisions\/880"}],"wp:attachment":[{"href":"https:\/\/sinus.usz.edu.pl\/index.php\/wp-json\/wp\/v2\/media?parent=396"}],"curies":[{"name":"wp","href":"https:\/\/api.w.org\/{rel}","templated":true}]}}